{"id":215,"date":"2017-04-20T12:32:54","date_gmt":"2017-04-20T12:32:54","guid":{"rendered":"http:\/\/radek-kopp.cz\/?page_id=215"},"modified":"2026-04-22T12:52:41","modified_gmt":"2026-04-22T12:52:41","slug":"cenik-sluzeb","status":"publish","type":"page","link":"http:\/\/radek-kopp.cz\/?page_id=215","title":{"rendered":"Cen\u00edk"},"content":{"rendered":"<h2 style=\"text-align: center;\">Z\u00e1ruka spokojenosti<\/h2>\n<p>Pro ve\u0161ker\u00e9 slu\u017eby nab\u00edz\u00edm z\u00e1ruku spokojenosti. Nezaplat\u00edte ani korunu, pokud nebudete&nbsp; spokojen\u00ed se zaslan\u00fdmi n\u00e1hledy fotografi\u00ed. Nen\u00ed pot\u0159eba ud\u00e1vat \u017e\u00e1dn\u00fd d\u016fvod pro zru\u0161en\u00ed objedn\u00e1vky. Tato z\u00e1ruka se vztahuje na ve\u0161ker\u00e9 slu\u017eby.<\/p>\n<p>Chci, abyste si fotografov\u00e1n\u00ed maxim\u00e1ln\u011b u\u017eili, nestresovali se t\u00edm, \u017ee se t\u0159eba nebudete tv\u00e1\u0159it dle sv\u00fdch p\u0159edstav, \u017ee t\u0159eba d\u011bti budou zlobit a nebudou spolupracovat&#8230; Zkr\u00e1tka d\u016fvod\u016f ke stres\u016fm je hodn\u011b a to je pro hodn\u011b lid\u00ed z\u00e1sadn\u00ed p\u0159ek\u00e1\u017eka, pro\u010d se br\u00e1n\u00ed fotografov\u00e1n\u00ed s profesion\u00e1ln\u00edmi fotografy. Proto, pokud po zasl\u00e1n\u00ed n\u00e1hled\u016f (neupraven\u00fdch fotografi\u00ed k v\u00fdb\u011bru) nebudete spokojen\u00ed a to z jak\u00e9hokoliv d\u016fvodu, nejste k ni\u010demu v\u00e1z\u00e1ni a objedn\u00e1vku lze bez sankc\u00ed stornovat.<\/p>\n<h2 style=\"text-align: center;\"><strong>Svatby<\/strong><\/h2>\n<p><a href=\"http:\/\/radek-kopp.cz\/wp-content\/uploads\/2018\/07\/our_wedding_album_515237.jpg\">&nbsp;&nbsp;&nbsp;&nbsp;&nbsp;&nbsp;&nbsp;&nbsp; &nbsp;&nbsp; &nbsp; &nbsp; <img loading=\"lazy\" class=\"alignnone size-medium wp-image-498\" src=\"http:\/\/radek-kopp.cz\/wp-content\/uploads\/2018\/07\/our_wedding_album_515237-300x199.jpg\" alt=\"\" width=\"300\" height=\"199\" srcset=\"http:\/\/radek-kopp.cz\/wp-content\/uploads\/2018\/07\/our_wedding_album_515237-300x199.jpg 300w, http:\/\/radek-kopp.cz\/wp-content\/uploads\/2018\/07\/our_wedding_album_515237.jpg 425w\" sizes=\"(max-width: 300px) 100vw, 300px\" \/><\/a> &nbsp; &nbsp;&nbsp;&nbsp; <a href=\"http:\/\/radek-kopp.cz\/wp-content\/uploads\/2018\/07\/nice_flowers_207814-kopie.jpg\"><img loading=\"lazy\" class=\"alignnone size-medium wp-image-496\" src=\"http:\/\/radek-kopp.cz\/wp-content\/uploads\/2018\/07\/nice_flowers_207814-kopie-300x198.jpg\" alt=\"\" width=\"300\" height=\"198\" srcset=\"http:\/\/radek-kopp.cz\/wp-content\/uploads\/2018\/07\/nice_flowers_207814-kopie-300x198.jpg 300w, http:\/\/radek-kopp.cz\/wp-content\/uploads\/2018\/07\/nice_flowers_207814-kopie.jpg 425w\" sizes=\"(max-width: 300px) 100vw, 300px\" \/><\/a> &nbsp;&nbsp;<a href=\"http:\/\/radek-kopp.cz\/wp-content\/uploads\/2018\/07\/wedding_rings_183108.jpg\"> <img loading=\"lazy\" class=\"alignnone size-medium wp-image-516\" src=\"http:\/\/radek-kopp.cz\/wp-content\/uploads\/2018\/07\/wedding_rings_183108-300x200.jpg\" alt=\"\" width=\"300\" height=\"200\"><\/a><\/p>\n<p><strong>Ob\u0159adn\u00ed bal\u00ed\u010dek<\/strong><\/p>\n<p>4900 K\u010d<\/p>\n<p>bal\u00ed\u010dek obsahuje:<\/p>\n<ul>\n<li>fotografov\u00e1n\u00ed od p\u0159\u00edjezd\u016f snoubenc\u016f a svatebn\u00edch host\u016f na m\u00edsto ob\u0159adu, ob\u0159ad, gratulace, skupinov\u00e9 fotografov\u00e1n\u00ed, portr\u00e9tn\u00ed aran\u017eovan\u00e9 sn\u00edmky novoman\u017eel\u016f, detaily&nbsp; &#8211; prsteny, kytice a podobn\u011b<\/li>\n<li>Nejlep\u0161\u00ed z\u00e1b\u011bry odevzd\u00e1ny na DVD + p\u0159es webov\u00e9 \u00falo\u017ei\u0161t\u011b<\/li>\n<li>Barevn\u00e9 i \u010dernob\u00edl\u00e9 variace a rozli\u0161en\u00ed pro tisk<\/li>\n<li>80 ks vyretu\u0161ovan\u00fdch fotografi\u00ed<\/li>\n<li><strong><span style=\"color: #00ff00;\">D\u00e1rek<\/span><\/strong> &#8211; 20 ks velkoform\u00e1tov\u00fdch fotografi\u00ed (form\u00e1t A4)<\/li>\n<li>Cca 2,5 hodiny p\u0159\u00edtomnost fotografa ve svatebn\u00ed den.<\/li>\n<li>Cestovn\u00e9 po Brn\u011b a bl\u00edzk\u00e9m okol\u00ed do 20 km zdarma. Po t\u00e9 pau\u0161\u00e1l Morava + 500 K\u010d, \u010cechy + 900 K\u010d.<\/li>\n<\/ul>\n<h2>&nbsp;<\/h2>\n<h2><a href=\"http:\/\/radek-kopp.cz\/wp-content\/uploads\/2018\/07\/bride_and_groom_183761-kopie-2.jpg\">&nbsp;&nbsp;&nbsp;&nbsp;&nbsp;&nbsp; &nbsp; <img loading=\"lazy\" class=\"alignnone size-medium wp-image-485\" src=\"http:\/\/radek-kopp.cz\/wp-content\/uploads\/2018\/07\/bride_and_groom_183761-kopie-2-300x200.jpg\" alt=\"\" width=\"300\" height=\"200\" srcset=\"http:\/\/radek-kopp.cz\/wp-content\/uploads\/2018\/07\/bride_and_groom_183761-kopie-2-300x200.jpg 300w, http:\/\/radek-kopp.cz\/wp-content\/uploads\/2018\/07\/bride_and_groom_183761-kopie-2.jpg 425w\" sizes=\"(max-width: 300px) 100vw, 300px\" \/><\/a> &nbsp; <a href=\"http:\/\/radek-kopp.cz\/wp-content\/uploads\/2018\/07\/first_kiss_183762.jpg\"><img loading=\"lazy\" class=\"alignnone size-medium wp-image-494\" src=\"http:\/\/radek-kopp.cz\/wp-content\/uploads\/2018\/07\/first_kiss_183762-300x200.jpg\" alt=\"\" width=\"300\" height=\"200\" srcset=\"http:\/\/radek-kopp.cz\/wp-content\/uploads\/2018\/07\/first_kiss_183762-300x200.jpg 300w, http:\/\/radek-kopp.cz\/wp-content\/uploads\/2018\/07\/first_kiss_183762.jpg 425w\" sizes=\"(max-width: 300px) 100vw, 300px\" \/><\/a>&nbsp;&nbsp; <a href=\"http:\/\/radek-kopp.cz\/wp-content\/uploads\/2018\/07\/wedding_bouquet_183699.jpg\"><img loading=\"lazy\" class=\"alignnone size-medium wp-image-506\" src=\"http:\/\/radek-kopp.cz\/wp-content\/uploads\/2018\/07\/wedding_bouquet_183699-300x200.jpg\" alt=\"\" width=\"300\" height=\"200\" srcset=\"http:\/\/radek-kopp.cz\/wp-content\/uploads\/2018\/07\/wedding_bouquet_183699-300x200.jpg 300w, http:\/\/radek-kopp.cz\/wp-content\/uploads\/2018\/07\/wedding_bouquet_183699.jpg 425w\" sizes=\"(max-width: 300px) 100vw, 300px\" \/><\/a><\/h2>\n<p><strong>Polodenn\u00ed bal\u00ed\u010dek<\/strong><\/p>\n<p>6900 K\u010d<\/p>\n<ul>\n<li>Fotografov\u00e1n\u00ed od p\u0159\u00edprav nev\u011bsty, p\u0159\u00edjezd snoubenc\u016f a svatebn\u00edch host\u016f na m\u00edsto ob\u0159adu, ob\u0159ad, gratulov\u00e1n\u00ed, skupinov\u00e9 fotografov\u00e1n\u00ed, portr\u00e9tn\u00ed aran\u017eovan\u00e9 sn\u00edmky novoman\u017eel\u016f, hostina, p\u0159\u00edpitek, kr\u00e1jen\u00ed dortu, detaily&nbsp; &#8211; prsteny, kytice a podobn\u011b<\/li>\n<li>Nejlep\u0161\u00ed z\u00e1b\u011bry odevzd\u00e1ny na DVD + p\u0159es webov\u00e9 \u00falo\u017ei\u0161t\u011b<\/li>\n<li>Barevn\u00e9 i \u010dernob\u00edl\u00e9 variace a rozli\u0161en\u00ed pro tisk<\/li>\n<li>150 ks vyretu\u0161ovan\u00fdch fotografi\u00ed<\/li>\n<li><strong><span style=\"color: #00ff00;\">D\u00e1rek<\/span><\/strong> &#8211; 35 ks velkoform\u00e1tov\u00fdch fotografi\u00ed (form\u00e1t A4)<\/li>\n<li>Cca 4-5 hodin p\u0159\u00edtomnost fotografa ve svatebn\u00ed den<\/li>\n<li>Cestovn\u00e9 po Brn\u011b a bl\u00edzk\u00e9m okol\u00ed do 20 km zdarma. Po t\u00e9 pau\u0161\u00e1l Morava + 500 K\u010d, \u010cechy + 900 K\u010d.<\/li>\n<\/ul>\n<h2>&nbsp;<\/h2>\n<p>&nbsp;<\/p>\n<p><a href=\"http:\/\/radek-kopp.cz\/wp-content\/uploads\/2018\/07\/our_wedding_album_514445-kopie.jpg\">&nbsp;&nbsp;&nbsp; &nbsp; &nbsp;&nbsp;&nbsp;&nbsp; &nbsp;&nbsp; <img loading=\"lazy\" class=\"alignnone size-medium wp-image-497\" src=\"http:\/\/radek-kopp.cz\/wp-content\/uploads\/2018\/07\/our_wedding_album_514445-kopie-300x199.jpg\" alt=\"\" width=\"300\" height=\"199\" srcset=\"http:\/\/radek-kopp.cz\/wp-content\/uploads\/2018\/07\/our_wedding_album_514445-kopie-300x199.jpg 300w, http:\/\/radek-kopp.cz\/wp-content\/uploads\/2018\/07\/our_wedding_album_514445-kopie.jpg 425w\" sizes=\"(max-width: 300px) 100vw, 300px\" \/><\/a>&nbsp;&nbsp;&nbsp; <a href=\"http:\/\/radek-kopp.cz\/wp-content\/uploads\/2018\/07\/wedding_rings_514449.jpg\"><img loading=\"lazy\" class=\"alignnone size-medium wp-image-517\" src=\"http:\/\/radek-kopp.cz\/wp-content\/uploads\/2018\/07\/wedding_rings_514449-300x200.jpg\" alt=\"\" width=\"300\" height=\"200\" srcset=\"http:\/\/radek-kopp.cz\/wp-content\/uploads\/2018\/07\/wedding_rings_514449-300x200.jpg 300w, http:\/\/radek-kopp.cz\/wp-content\/uploads\/2018\/07\/wedding_rings_514449.jpg 425w\" sizes=\"(max-width: 300px) 100vw, 300px\" \/><\/a> &nbsp;&nbsp;&nbsp; <a href=\"http:\/\/radek-kopp.cz\/wp-content\/uploads\/2018\/07\/wedding_ring_to_highdefinition_picture_168281.jpg\"><img loading=\"lazy\" class=\"alignnone size-medium wp-image-515\" src=\"http:\/\/radek-kopp.cz\/wp-content\/uploads\/2018\/07\/wedding_ring_to_highdefinition_picture_168281-300x200.jpg\" alt=\"\" width=\"300\" height=\"200\" srcset=\"http:\/\/radek-kopp.cz\/wp-content\/uploads\/2018\/07\/wedding_ring_to_highdefinition_picture_168281-300x200.jpg 300w, http:\/\/radek-kopp.cz\/wp-content\/uploads\/2018\/07\/wedding_ring_to_highdefinition_picture_168281.jpg 425w\" sizes=\"(max-width: 300px) 100vw, 300px\" \/><\/a><\/p>\n<p>&nbsp;<\/p>\n<p>&nbsp;<\/p>\n<p><strong>Celodenn\u00ed bal\u00ed\u010dek<\/strong><\/p>\n<p>9900 K\u010d<\/p>\n<ul>\n<li>Fotografov\u00e1n\u00ed od p\u0159\u00edprav nev\u011bsty, p\u0159\u00edjezd snoubenc\u016f a svatebn\u00edch host\u016f na m\u00edsto ob\u0159adu, ob\u0159ad, gratulov\u00e1n\u00ed, skupinov\u00e9 fotografov\u00e1n\u00ed, portr\u00e9tn\u00ed aran\u017eovan\u00e9 sn\u00edmky novoman\u017eel\u016f, hostina, p\u0159\u00edpitek, kr\u00e1jen\u00ed dortu, ve\u0161ker\u00e9 detaily&nbsp; &#8211; prsteny, kytice a podobn\u011b<\/li>\n<li>Nejlep\u0161\u00ed z\u00e1b\u011bry odevzd\u00e1ny na DVD + p\u0159es webov\u00e9 \u00falo\u017ei\u0161t\u011b<\/li>\n<li>Barevn\u00e9 i \u010dernob\u00edl\u00e9 variace a rozli\u0161en\u00ed pro tisk<\/li>\n<li>300 ks vyretu\u0161ovan\u00fdch fotografi\u00ed<\/li>\n<li><span style=\"color: #00ff00;\"><strong>D\u00e1rek<\/strong><\/span> &#8211; 60 ks velkoform\u00e1tov\u00fdch fotografi\u00ed (form\u00e1t A4)<\/li>\n<li>Cca 10 hodin p\u0159\u00edtomnost fotografa ve svatebn\u00ed den, V p\u0159\u00edpad\u011b z\u00e1jmu o fotografov\u00e1n\u00ed ve\u010dern\u00edch oslav plat\u00ed individu\u00e1ln\u00ed ceny po dohod\u011b s fotografem.<\/li>\n<li>Cestovn\u00e9 po Brn\u011b a bl\u00edzk\u00e9m okol\u00ed do 20 km zdarma. Po t\u00e9 pau\u0161\u00e1l Morava + 500 K\u010d, \u010cechy + 900 K\u010d<\/li>\n<\/ul>\n<p>V sou\u010dasnosti a\u017e do odvol\u00e1n\u00ed \u017e\u00e1dn\u00e9 z\u00e1lohy na svatebn\u00ed fotografov\u00e1n\u00ed nep\u0159\u00edjim\u00e1m. K objedn\u00e1n\u00ed term\u00ednu fotografov\u00e1n\u00ed Va\u0161\u00ed svatby sta\u010d\u00ed pouze nahl\u00e1\u0161en\u00ed data prost\u0159ednictv\u00edm e-mailu.<\/p>\n<p>Z\u00e1loha u v\u0161ech bal\u00ed\u010dk\u016f \u010din\u00ed 1000 K\u010d a nen\u00ed automaticky nevratn\u00e1. Tzn., nap\u0159. v p\u0159\u00edpad\u011b n\u00e1hl\u00e9ho onemocn\u011bn\u00ed jednoho ze snoubenc\u016f, ne\u010dekan\u00fdch rodinn\u00fdch ud\u00e1lost\u00ed a podobn\u011b je v p\u0159\u00edpad\u011b z\u00e1vazn\u00e9ho p\u0159esunut\u00ed svatebn\u00edho term\u00ednu ze strany snoubenc\u016f z\u00e1loha ponech\u00e1na a bude ode\u010dtena z celkov\u00e9 ceny vybran\u00e9ho svatebn\u00edho bal\u00ed\u010dku.<\/p>\n<p>P\u0159i z\u00e1vazn\u00e9 rezervaci klienti automaticky z\u00edsk\u00e1vaj\u00ed slevu ve v\u00fd\u0161i 30 % na jak\u00e9koliv fotografov\u00e1n\u00ed v ateli\u00e9ru.<\/p>\n<h2>&nbsp;<\/h2>\n<h2 style=\"text-align: center;\">Portr\u00e9ty<\/h2>\n<p><strong>Novorozeneck\u00e9 fotografov\u00e1n\u00ed (doporu\u010duji nejl\u00e9pe do 21 dn\u016f po narozen\u00ed d\u011b\u0165\u00e1tka)<\/strong><\/p>\n<p>1700 K\u010d<\/p>\n<p>bal\u00ed\u010dek obsahuje:<\/p>\n<ul>\n<li>2 &#8211; 5 hodin fotografov\u00e1n\u00ed v dom\u00e1c\u00edm ateli\u00e9ru<\/li>\n<li>mo\u017enost fotografov\u00e1n\u00ed na V\u00e1mi zvolen\u00e9m m\u00edst\u011b \u010di u V\u00e1s doma<\/li>\n<li>12 ks s citem a pe\u010dlivost\u00ed vyretu\u0161ovan\u00fdch fotografi\u00ed<\/li>\n<li>&nbsp;<span style=\"color: #00ff00;\">D\u00e1rek fotografa (p\u0159i objedn\u00e1n\u00ed do 24.3.2021)<\/span> 12 ks&nbsp; fotografi\u00ed (form\u00e1t A4) na zadn\u00ed stran\u011b ru\u010dn\u011b signovan\u00fdch<\/li>\n<li>barevn\u00e9 a \u010dernob\u00edl\u00e9 variace<\/li>\n<li>rozli\u0161en\u00ed pro tisk<\/li>\n<li>kombinace fotografi\u00ed miminka i s detaily<\/li>\n<li>cestovn\u00e9 pro v\u0161echny bal\u00ed\u010dky viz n\u00ed\u017ee.<\/li>\n<\/ul>\n<p>&nbsp;<\/p>\n<p><strong>Portr\u00e9tn\u00ed fotografie &#8211; exteri\u00e9r (t\u011bhotensk\u00e9, p\u00e1ry, p\u0159esvatebn\u00ed, rodiny a d\u011bti)<br \/>\n<\/strong><\/p>\n<p>1790 K\u010d<\/p>\n<p>bal\u00ed\u010dek obsahuje:<\/p>\n<ul>\n<li>1 \u2013 2 hod. fotografov\u00e1n\u00ed<\/li>\n<li>15 ks s citem a pe\u010dlivost\u00ed vyretu\u0161ovan\u00fdch fotografi\u00ed<\/li>\n<li><span style=\"color: #00ff00;\">D\u00e1rek fotografa (p\u0159i objedn\u00e1n\u00ed do 24.3.2021)<\/span> 15 ks velkoform\u00e1tov\u00fdch fotografi\u00ed (form\u00e1t A4) na zadn\u00ed stran\u011b ru\u010dn\u011b signovan\u00fdch<\/li>\n<li>barevn\u00e9 a \u010dernob\u00edl\u00e9 variace<\/li>\n<li>rozli\u0161en\u00ed pro tisk a web<\/li>\n<li>fotografov\u00e1n\u00ed v exteri\u00e9ru<\/li>\n<li>ka\u017ed\u00e1 dal\u0161\u00ed fotografie nad r\u00e1mec bal\u00ed\u010dku 100 K\u010d\/ks.<\/li>\n<\/ul>\n<p>&nbsp;<\/p>\n<p><strong>Portr\u00e9tn\u00ed fotografie &#8211; ateli\u00e9r I<br \/>\n<\/strong><\/p>\n<p>2190 K\u010d<\/p>\n<p>bal\u00ed\u010dek obsahuje:<\/p>\n<ul>\n<li>1 \u2013 1,5 hod. fotografov\u00e1n\u00ed<\/li>\n<li>14 ks s citem a pe\u010dlivost\u00ed vyretu\u0161ovan\u00fdch fotografi\u00ed<\/li>\n<li><span style=\"color: #00ff00;\">D\u00e1rek fotografa (p\u0159i objedn\u00e1n\u00ed do 24.3.2021) <\/span>14 ks velkoform\u00e1tov\u00fdch fotografi\u00ed (form\u00e1t A4) na zadn\u00ed stran\u011b ru\u010dn\u011b signovan\u00fdch<\/li>\n<li>barevn\u00e9 a \u010dernob\u00edl\u00e9 variace p\u0159es web port\u00e1l www.uschovna.cz<\/li>\n<li>rozli\u0161en\u00ed pro tisk a web<\/li>\n<li>fotografov\u00e1n\u00ed v komer\u010dn\u00edm&nbsp; nebo dom\u00e1c\u00edm ateli\u00e9ru<\/li>\n<li>mo\u017enost fotografov\u00e1n\u00ed na V\u00e1mi zvolen\u00e9m m\u00edst\u011b \u010di u V\u00e1s doma<\/li>\n<li>ka\u017ed\u00e1 dal\u0161\u00ed fotografie nad r\u00e1mec bal\u00ed\u010dku 120 K\u010d\/ks.<\/li>\n<\/ul>\n<p><strong>Portr\u00e9tn\u00ed fotografie &#8211; ateli\u00e9r II<br \/>\n<\/strong><\/p>\n<p>3790 K\u010d<\/p>\n<p>bal\u00ed\u010dek obsahuje:<\/p>\n<ul>\n<li>2 \u2013 3 hod. fotografov\u00e1n\u00ed<\/li>\n<li>28 ks s citem a pe\u010dlivost\u00ed vyretu\u0161ovan\u00fdch fotografi\u00ed<\/li>\n<li><span style=\"color: #00ff00;\">D\u00e1rek fotografa (p\u0159i objedn\u00e1n\u00ed do 24.3.2021)<\/span> 28 ks velkoform\u00e1tov\u00fdch fotografi\u00ed (form\u00e1t A4) na zadn\u00ed stran\u011b ru\u010dn\u011b signovan\u00fdch<\/li>\n<li>barevn\u00e9 a \u010dernob\u00edl\u00e9 variace<\/li>\n<li>rozli\u0161en\u00ed pro tisk a web<\/li>\n<li>fotografov\u00e1n\u00ed v komer\u010dn\u00edm nebo dom\u00e1c\u00edm ateli\u00e9ru<\/li>\n<li>mo\u017enost fotografov\u00e1n\u00ed na V\u00e1mi zvolen\u00e9m m\u00edst\u011b \u010di u V\u00e1s doma<\/li>\n<li>ka\u017ed\u00e1 dal\u0161\u00ed fotografie nad r\u00e1mec bal\u00ed\u010dku 120 K\u010d\/ks.<\/li>\n<\/ul>\n<p><strong>Portr\u00e9tn\u00ed fotografov\u00e1n\u00ed jednotlivc\u016f &#8211; exteri\u00e9r (\u017eeny i mu\u017ei jednotliv\u011b, t\u011bhotensk\u00e9 bez partnera)<br \/>\n<\/strong><\/p>\n<p>1490 K\u010d<\/p>\n<p>bal\u00ed\u010dek obsahuje:<\/p>\n<ul>\n<li>1 \u2013 1,5 hod. focen\u00ed<\/li>\n<li>15 ks s citem a pe\u010dlivost\u00ed vyretu\u0161ovan\u00fdch fotografi\u00ed<\/li>\n<li><span style=\"color: #00ff00;\">D\u00e1rek fotografa (p\u0159i objedn\u00e1n\u00ed do 24.3.2021<\/span>) 15 ks velkoform\u00e1tov\u00fdch fotografi\u00ed (form\u00e1t A4) na zadn\u00ed stran\u011b ru\u010dn\u011b signovan\u00fdch<\/li>\n<li>v\u0161echny fotografie v barevn\u00e9 i \u010dernob\u00edl\u00e9 variaci<\/li>\n<li>rozli\u0161en\u00ed pro tisk a web<\/li>\n<li>portr\u00e9tn\u00ed fotografov\u00e1n\u00ed v exteri\u00e9ru<\/li>\n<li>ka\u017ed\u00e1 dal\u0161\u00ed fotografie nad r\u00e1mec bal\u00ed\u010dku 100 K\u010d\/ks.<\/li>\n<\/ul>\n<p><strong>Portr\u00e9tn\u00ed fotografov\u00e1n\u00ed jednotlivc\u016f &#8211; ateli\u00e9r (d\u011bti, \u017eeny i mu\u017ei pouze jednotliv\u011b, t\u011bhotensk\u00e9 bez partnera)<br \/>\n<\/strong><\/p>\n<p>1790 K\u010d<\/p>\n<p>bal\u00ed\u010dek obsahuje:<\/p>\n<ul>\n<li>1 \u2013 1,5 hod. focen\u00ed<\/li>\n<li>15 ks s citem a pe\u010dlivost\u00ed vyretu\u0161ovan\u00fdch fotografi\u00ed<\/li>\n<li><span style=\"color: #00ff00;\">D\u00e1rek fotografa (p\u0159i objedn\u00e1n\u00ed do 24.3.2021)<\/span> 15 ks velkoform\u00e1tov\u00fdch fotografi\u00ed (form\u00e1t A4) na zadn\u00ed stran\u011b ru\u010dn\u011b signovan\u00fdch<\/li>\n<li>v\u0161echny fotografie v barevn\u00e9 i \u010dernob\u00edl\u00e9 variaci<\/li>\n<li>rozli\u0161en\u00ed pro tisk a web<\/li>\n<li>portr\u00e9tn\u00ed fotografov\u00e1n\u00ed v ateli\u00e9ru<\/li>\n<li>mo\u017enost prodlou\u017een\u00ed doby fotografov\u00e1n\u00ed dle individu\u00e1ln\u00ed domluvy<\/li>\n<li>ka\u017ed\u00e1 dal\u0161\u00ed fotografie nad r\u00e1mec bal\u00ed\u010dku 120 K\u010d\/ks.<\/li>\n<\/ul>\n<p><strong>Business portr\u00e9t ateli\u00e9r<\/strong><\/p>\n<p>1290 K\u010d<\/p>\n<p>bal\u00ed\u010dek obsahuje:<\/p>\n<ul>\n<li>1&nbsp; hod. focen\u00ed<\/li>\n<li>4 ks s citem a pe\u010dlivost\u00ed vyretu\u0161ovan\u00fdch fotografi\u00ed<\/li>\n<li><span style=\"color: #00ff00;\">D\u00e1rek fotografa (p\u0159i objedn\u00e1n\u00ed do 24.3.2021)<\/span> 4 ks velkoform\u00e1tov\u00fdch fotografi\u00ed (form\u00e1t A4) na zadn\u00ed stran\u011b ru\u010dn\u011b signovan\u00fdch<\/li>\n<li>v\u0161echny fotografie v barevn\u00e9 i \u010dernob\u00edl\u00e9 variaci<\/li>\n<li>rozli\u0161en\u00ed pro tisk a web<\/li>\n<li>business fotografov\u00e1n\u00ed v ateli\u00e9ru<\/li>\n<\/ul>\n<p><strong>Business portr\u00e9t exteri\u00e9r<br \/>\n<\/strong><\/p>\n<p>890 K\u010d<\/p>\n<p>bal\u00ed\u010dek obsahuje:<\/p>\n<ul>\n<li>1&nbsp; hod. focen\u00ed<\/li>\n<li>4 ks s citem a pe\u010dlivost\u00ed vyretu\u0161ovan\u00fdch fotografi\u00ed<\/li>\n<li><span style=\"color: #00ff00;\">D\u00e1rek fotografa (p\u0159i objedn\u00e1n\u00ed do 24.3.2021)<\/span>&nbsp;4 ks velkoform\u00e1tov\u00fdch fotografi\u00ed (form\u00e1t A4) na zadn\u00ed stran\u011b ru\u010dn\u011b signovan\u00fdch<\/li>\n<li>v\u0161echny fotografie v barevn\u00e9 i \u010dernob\u00edl\u00e9 variaci<\/li>\n<li>rozli\u0161en\u00ed pro tisk a web<\/li>\n<li>business fotografov\u00e1n\u00ed v exteri\u00e9ru<\/li>\n<\/ul>\n<p>Fotografie zas\u00edl\u00e1m p\u0159es webov\u00fd port\u00e1l uschovna.cz. Fotografie upravuji dle \u010dasov\u00fdch mo\u017enost\u00ed a to zpravidla do 14 dn\u016f od objedn\u00e1n\u00ed vybran\u00fdch n\u00e1hled\u016f.<\/p>\n<p>Cestovn\u00e9 po Brn\u011b a okol\u00ed do 20 km zdarma. Mimo Brno pouze 3 K\u010d\/km \u00fa\u010dtovan\u00fdch jednosm\u011brn\u011b, tedy pouze cesta k V\u00e1m, p\u0159\u00edpadn\u011b p\u0159i v\u011bt\u0161\u00edch zak\u00e1zk\u00e1ch a po domluv\u011b zdarma.<\/p>\n<p>&nbsp;<\/p>\n<p style=\"text-align: center;\"><strong>T\u011b\u0161\u00edm se na fotografov\u00e1n\u00ed s V\u00e1mi.<\/strong><\/p>\n","protected":false},"excerpt":{"rendered":"<p>Z\u00e1ruka spokojenosti Pro ve\u0161ker\u00e9 slu\u017eby nab\u00edz\u00edm z\u00e1ruku spokojenosti. Nezaplat\u00edte ani korunu, pokud nebudete&nbsp; spokojen\u00ed se zaslan\u00fdmi n\u00e1hledy fotografi\u00ed. Nen\u00ed pot\u0159eba ud\u00e1vat \u017e\u00e1dn\u00fd d\u016fvod pro zru\u0161en\u00ed objedn\u00e1vky. Tato z\u00e1ruka se vztahuje na ve\u0161ker\u00e9 slu\u017eby. Chci, abyste si fotografov\u00e1n\u00ed maxim\u00e1ln\u011b u\u017eili, nestresovali se t\u00edm, \u017ee se t\u0159eba nebudete tv\u00e1\u0159it dle sv\u00fdch p\u0159edstav, \u017ee t\u0159eba d\u011bti budou zlobit&hellip;<a href=\"http:\/\/radek-kopp.cz\/?page_id=215\" class=\"more-link\">Continue reading <span class=\"screen-reader-text\">Cen\u00edk<\/span><\/a><\/p>\n","protected":false},"author":1,"featured_media":0,"parent":0,"menu_order":6,"comment_status":"closed","ping_status":"closed","template":"page_fullwidth.php","meta":[],"_links":{"self":[{"href":"http:\/\/radek-kopp.cz\/index.php?rest_route=\/wp\/v2\/pages\/215"}],"collection":[{"href":"http:\/\/radek-kopp.cz\/index.php?rest_route=\/wp\/v2\/pages"}],"about":[{"href":"http:\/\/radek-kopp.cz\/index.php?rest_route=\/wp\/v2\/types\/page"}],"author":[{"embeddable":true,"href":"http:\/\/radek-kopp.cz\/index.php?rest_route=\/wp\/v2\/users\/1"}],"replies":[{"embeddable":true,"href":"http:\/\/radek-kopp.cz\/index.php?rest_route=%2Fwp%2Fv2%2Fcomments&post=215"}],"version-history":[{"count":17,"href":"http:\/\/radek-kopp.cz\/index.php?rest_route=\/wp\/v2\/pages\/215\/revisions"}],"predecessor-version":[{"id":1504,"href":"http:\/\/radek-kopp.cz\/index.php?rest_route=\/wp\/v2\/pages\/215\/revisions\/1504"}],"wp:attachment":[{"href":"http:\/\/radek-kopp.cz\/index.php?rest_route=%2Fwp%2Fv2%2Fmedia&parent=215"}],"curies":[{"name":"wp","href":"https:\/\/api.w.org\/{rel}","templated":true}]}}